{"id":1242,"date":"2025-06-23T17:30:15","date_gmt":"2025-06-23T20:30:15","guid":{"rendered":"https:\/\/www.reportercatolico.com.br\/radio\/site\/?page_id=1242"},"modified":"2025-07-07T19:24:52","modified_gmt":"2025-07-07T22:24:52","slug":"noticias","status":"publish","type":"page","link":"https:\/\/www.reportercatolico.com.br\/radio\/site\/noticias\/","title":{"rendered":"Not\u00edcias"},"content":{"rendered":"<div class=\"wpb-content-wrapper\"><p>[vc_row][vc_column]<div id=\"cz_62926\" class=\"cz_62926\"><div class=\"cz_grid cz_grid_posts cz_grid_1 clr cz_posts_list_2 cz_grid_1_title_sub_after cz_grid_1_has_excerpt cz_grid_1_bot tal\" data-atts='{\"action\":\"cz_ajax_posts\",\"post_class\":\"cz_grid_item\",\"post__in\":null,\"author__in\":null,\"nonce\":\"fa7b4d89c9\",\"nonce_id\":\"cz_62926\",\"loadmore_end\":\"Not found more posts\",\"layout\":\"cz_posts_list_2\",\"hover\":\"cz_grid_1_title_sub_after cz_grid_1_has_excerpt\",\"image_size\":\"400X200\",\"subtitles\":\"%5B%7B%22t%22%3A%22date%22%7D%5D\",\"subtitle_pos\":\"\",\"icon\":\"\",\"el\":\"\",\"title_lenght\":\"\",\"cat_tax\":\"category\",\"cat\":\"\",\"cat_exclude\":\"\",\"tag_tax\":\"post_tag\",\"tag_id\":\"\",\"tag_exclude\":\"\",\"post_type\":\"post\",\"posts_per_page\":\"\",\"order\":\"DESC\",\"orderby\":\"date\",\"tilt_data\":null,\"svg_sizes\":[\"0\",\"0\"],\"img_fx\":\"\",\"custom_size\":\"400X200\",\"excerpt_rm\":false,\"title_tag\":\"h3\",\"s\":\"\"}'><div class=\"cz_grid_item cz_grid_first\"><\/div><div data-id=\"6565\" class=\"cz_grid_item  cz_posts_list_even 6565 post-6565 post type-post status-publish format-standard has-post-thumbnail hentry category-noticias\"><div class=\"clr\"><a class=\"cz_grid_link\" href=\"https:\/\/www.reportercatolico.com.br\/radio\/site\/jequie-corrida-e-caminhada-de-santo-antonio-2026\/\" title=\"Jequi\u00e9 &#8211; Corrida e Caminhada de Santo Ant\u00f4nio 2026\"><img decoding=\"async\" class=\"\" src=\"https:\/\/www.reportercatolico.com.br\/radio\/site\/wp-content\/uploads\/2026\/04\/hjjjjjjjjjjjjjjjjjjjjjjjjj-400x200.jpg\" width=\"400\" height=\"200\" alt=\"\" title=\"\" loading=\"lazy\" \/><div class=\"cz_grid_details\"><i class=\" cz_grid_icon\"><\/i><\/div><\/a><div class=\"cz_grid_details cz_grid_details_outside\"><a class=\"cz_grid_title\" href=\"https:\/\/www.reportercatolico.com.br\/radio\/site\/jequie-corrida-e-caminhada-de-santo-antonio-2026\/\"><h3 class=\"cz_grid_post_title\">Jequi\u00e9 &#8211; Corrida e Caminhada de Santo Ant\u00f4nio 2026<\/h3><\/a><small class=\"clr\"><span class=\"cz_post_data cz_data_date\"><a href=\"https:\/\/www.reportercatolico.com.br\/radio\/site\/jequie-corrida-e-caminhada-de-santo-antonio-2026\/\">27\/04\/2026<\/a><\/span><\/small><div class=\"cz_post_excerpt\">Rep\u00f3rter Cat\u00f3lico 27\/04\/26\u00a0 \u00a0 A tradicional e concorrida corrida e caminhada de Santo Ant\u00f4nio acontecer\u00e3o no primeiro domingo de junho, dia 7, com largada \u00e0s 7h, saindo em\u00a0 frente\u00a0 as escadarias da Catedral. \u00a0 O evento contar\u00e1 com percursos de 5 km e 10 km, reunindo atletas e entusiastas do...<\/div><\/div><\/div><\/div><div data-id=\"6561\" class=\"cz_grid_item  cz_posts_list_odd 6561 post-6561 post type-post status-publish format-standard has-post-thumbnail hentry category-noticias\"><div class=\"clr\"><a class=\"cz_grid_link\" href=\"https:\/\/www.reportercatolico.com.br\/radio\/site\/jequie-festa-de-santo-antonio-de-2026-um-hino-uma-cidade-um-so-coracao\/\" title=\"Jequi\u00e9 &#8211; Festa de Santo Ant\u00f4nio de 2026: \u201cUm hino. Uma cidade Um S\u00f3 Cora\u00e7\u00e3o \u201c\"><img decoding=\"async\" class=\"\" src=\"https:\/\/www.reportercatolico.com.br\/radio\/site\/wp-content\/uploads\/2026\/04\/CAPA-POST-NOTICIA-1-400x200.jpg\" width=\"400\" height=\"200\" alt=\"\" title=\"\" loading=\"lazy\" \/><div class=\"cz_grid_details\"><i class=\" cz_grid_icon\"><\/i><\/div><\/a><div class=\"cz_grid_details cz_grid_details_outside\"><a class=\"cz_grid_title\" href=\"https:\/\/www.reportercatolico.com.br\/radio\/site\/jequie-festa-de-santo-antonio-de-2026-um-hino-uma-cidade-um-so-coracao\/\"><h3 class=\"cz_grid_post_title\">Jequi\u00e9 &#8211; Festa de Santo Ant\u00f4nio de 2026: \u201cUm hino. Uma cidade Um S\u00f3 Cora\u00e7\u00e3o \u201c<\/h3><\/a><small class=\"clr\"><span class=\"cz_post_data cz_data_date\"><a href=\"https:\/\/www.reportercatolico.com.br\/radio\/site\/jequie-festa-de-santo-antonio-de-2026-um-hino-uma-cidade-um-so-coracao\/\">27\/04\/2026<\/a><\/span><\/small><div class=\"cz_post_excerpt\">Rep\u00f3rter Cat\u00f3lico 27\/04\/26\u00a0 \u00a0 Imagem arquivo\/RC A celebra\u00e7\u00e3o do Te Deum (um hino de louvor a Deus), que reflete a sabedoria da tradi\u00e7\u00e3o crist\u00e3 de elevar o cora\u00e7\u00e3o aos c\u00e9us, na certeza de que somos acolhidos na miseric\u00f3rdia do Senhor, acontecer\u00e1 na pr\u00f3xima quarta-feira, 29 de abril, \u00e0s 19h, e...<\/div><\/div><\/div><\/div><div data-id=\"6555\" class=\"cz_grid_item  cz_posts_list_even 6555 post-6555 post type-post status-publish format-standard has-post-thumbnail hentry category-noticias\"><div class=\"clr\"><a class=\"cz_grid_link\" href=\"https:\/\/www.reportercatolico.com.br\/radio\/site\/educacao-catolica-projeta-futuro-com-unidade-inovacao-e-compromisso-no-forum-nacional-em-brasilia\/\" title=\"Educa\u00e7\u00e3o cat\u00f3lica projeta futuro com unidade, inova\u00e7\u00e3o e compromisso no F\u00f3rum Nacional em Bras\u00edlia\"><img decoding=\"async\" class=\"\" src=\"https:\/\/www.reportercatolico.com.br\/radio\/site\/wp-content\/uploads\/2026\/04\/kjjjjjjjjjjjjjjjjjjjjjjjjjjjjjjjjj-1-400x200.jpg\" width=\"400\" height=\"200\" alt=\"\" title=\"\" loading=\"lazy\" \/><div class=\"cz_grid_details\"><i class=\" cz_grid_icon\"><\/i><\/div><\/a><div class=\"cz_grid_details cz_grid_details_outside\"><a class=\"cz_grid_title\" href=\"https:\/\/www.reportercatolico.com.br\/radio\/site\/educacao-catolica-projeta-futuro-com-unidade-inovacao-e-compromisso-no-forum-nacional-em-brasilia\/\"><h3 class=\"cz_grid_post_title\">Educa\u00e7\u00e3o cat\u00f3lica projeta futuro com unidade, inova\u00e7\u00e3o e compromisso no F\u00f3rum Nacional em Bras\u00edlia<\/h3><\/a><small class=\"clr\"><span class=\"cz_post_data cz_data_date\"><a href=\"https:\/\/www.reportercatolico.com.br\/radio\/site\/educacao-catolica-projeta-futuro-com-unidade-inovacao-e-compromisso-no-forum-nacional-em-brasilia\/\">27\/04\/2026<\/a><\/span><\/small><div class=\"cz_post_excerpt\">Rep\u00f3rter Cat\u00f3lico 27\/04\/26\u00a0 \u00a0 Evento reuniu lideran\u00e7as de todo o pa\u00eds e refor\u00e7ou identidade, gest\u00e3o e posicionamento estrat\u00e9gico do setor O F\u00f3rum Nacional de Educa\u00e7\u00e3o Cat\u00f3lica 2026, realizado em Bras\u00edlia nos dias 16 e 17 de abril, reuniu lideran\u00e7as, gestores, educadores e representantes institucionais de todo o pa\u00eds em dois...<\/div><\/div><\/div><\/div><div data-id=\"6526\" class=\"cz_grid_item  cz_posts_list_odd 6526 post-6526 post type-post status-publish format-standard has-post-thumbnail hentry category-noticias\"><div class=\"clr\"><a class=\"cz_grid_link\" href=\"https:\/\/www.reportercatolico.com.br\/radio\/site\/presidencia-da-cnbb-apresenta-as-principais-definicoes-da-62a-ag-em-coletiva-de-imprensa-de-conclusao-do-evento\/\" title=\"Presid\u00eancia da CNBB apresenta as principais defini\u00e7\u00f5es da 62\u00aa AG em coletiva de imprensa de conclus\u00e3o do evento\"><img decoding=\"async\" class=\"\" src=\"https:\/\/www.reportercatolico.com.br\/radio\/site\/wp-content\/uploads\/2026\/04\/CAPA-POST-NOTICIA-400x200.jpg\" width=\"400\" height=\"200\" alt=\"\" title=\"\" loading=\"lazy\" \/><div class=\"cz_grid_details\"><i class=\" cz_grid_icon\"><\/i><\/div><\/a><div class=\"cz_grid_details cz_grid_details_outside\"><a class=\"cz_grid_title\" href=\"https:\/\/www.reportercatolico.com.br\/radio\/site\/presidencia-da-cnbb-apresenta-as-principais-definicoes-da-62a-ag-em-coletiva-de-imprensa-de-conclusao-do-evento\/\"><h3 class=\"cz_grid_post_title\">Presid\u00eancia da CNBB apresenta as principais defini\u00e7\u00f5es da 62\u00aa AG em coletiva de imprensa de conclus\u00e3o do evento<\/h3><\/a><small class=\"clr\"><span class=\"cz_post_data cz_data_date\"><a href=\"https:\/\/www.reportercatolico.com.br\/radio\/site\/presidencia-da-cnbb-apresenta-as-principais-definicoes-da-62a-ag-em-coletiva-de-imprensa-de-conclusao-do-evento\/\">24\/04\/2026<\/a><\/span><\/small><div class=\"cz_post_excerpt\">Rep\u00f3rter Cat\u00f3lico 24\/04\/26\u00a0 \u00a0 A Confer\u00eancia Nacional dos Bispos do Brasil (CNBB) realizou, de 15 a 24 de abril, a 62\u00aa Assembleia Geral (62\u00aa AG CNBB), no Santu\u00e1rio Nacional de Aparecida. O encontro foi marcado por uma programa\u00e7\u00e3o extensa que trouxe \u00e0 pauta central a aprova\u00e7\u00e3o das novas Diretrizes Gerais...<\/div><\/div><\/div><\/div><div data-id=\"6437\" class=\"cz_grid_item  cz_posts_list_even 6437 post-6437 post type-post status-publish format-standard has-post-thumbnail hentry category-noticias\"><div class=\"clr\"><a class=\"cz_grid_link\" href=\"https:\/\/www.reportercatolico.com.br\/radio\/site\/diocese-de-jequie-se-despede-de-padre-luiz-simbolo-de-fe-e-dedicacao-ao-povo\/\" title=\"Diocese de Jequi\u00e9 se despede de Padre Luiz, s\u00edmbolo de f\u00e9 e dedica\u00e7\u00e3o ao povo\"><img decoding=\"async\" class=\"\" src=\"https:\/\/www.reportercatolico.com.br\/radio\/site\/wp-content\/uploads\/2026\/04\/L-2-569x340-1-400x200.jpg\" width=\"400\" height=\"200\" alt=\"\" title=\"\" loading=\"lazy\" \/><div class=\"cz_grid_details\"><i class=\" cz_grid_icon\"><\/i><\/div><\/a><div class=\"cz_grid_details cz_grid_details_outside\"><a class=\"cz_grid_title\" href=\"https:\/\/www.reportercatolico.com.br\/radio\/site\/diocese-de-jequie-se-despede-de-padre-luiz-simbolo-de-fe-e-dedicacao-ao-povo\/\"><h3 class=\"cz_grid_post_title\">Diocese de Jequi\u00e9 se despede de Padre Luiz, s\u00edmbolo de f\u00e9 e dedica\u00e7\u00e3o ao povo<\/h3><\/a><small class=\"clr\"><span class=\"cz_post_data cz_data_date\"><a href=\"https:\/\/www.reportercatolico.com.br\/radio\/site\/diocese-de-jequie-se-despede-de-padre-luiz-simbolo-de-fe-e-dedicacao-ao-povo\/\">18\/04\/2026<\/a><\/span><\/small><div class=\"cz_post_excerpt\">Rep\u00f3rter Cat\u00f3lico 18\/04\/26\u00a0 \u00a0 Padre Luigi Porcari, carinhosamente conhecido como Padre Luiz. Ap\u00f3s mais de quatro d\u00e9cadas dedicadas \u00e0 miss\u00e3o evangelizadora no Brasil,\u00a0 retorna \u00e0 sua terra natal, na It\u00e1lia, deixando um legado marcado pela f\u00e9, simplicidade e amor ao povo baiano. A Santa Missa de despedida foi celebrada domingo,...<\/div><\/div><\/div><\/div><div data-id=\"6432\" class=\"cz_grid_item  cz_posts_list_odd 6432 post-6432 post type-post status-publish format-standard has-post-thumbnail hentry category-noticias\"><div class=\"clr\"><a class=\"cz_grid_link\" href=\"https:\/\/www.reportercatolico.com.br\/radio\/site\/belem-do-para-bicentenario-de-nascimento-do-beato-antonio-chevrier\/\" title=\"Bel\u00e9m do Par\u00e1 &#8211; Bicenten\u00e1rio de nascimento do beato Ant\u00f4nio Chevrier\"><img decoding=\"async\" class=\"\" src=\"https:\/\/www.reportercatolico.com.br\/radio\/site\/wp-content\/uploads\/2026\/04\/WhatsApp-Image-2026-04-17-at-18.02-400x200.jpg\" width=\"400\" height=\"200\" alt=\"\" title=\"\" loading=\"lazy\" \/><div class=\"cz_grid_details\"><i class=\" cz_grid_icon\"><\/i><\/div><\/a><div class=\"cz_grid_details cz_grid_details_outside\"><a class=\"cz_grid_title\" href=\"https:\/\/www.reportercatolico.com.br\/radio\/site\/belem-do-para-bicentenario-de-nascimento-do-beato-antonio-chevrier\/\"><h3 class=\"cz_grid_post_title\">Bel\u00e9m do Par\u00e1 &#8211; Bicenten\u00e1rio de nascimento do beato Ant\u00f4nio Chevrier<\/h3><\/a><small class=\"clr\"><span class=\"cz_post_data cz_data_date\"><a href=\"https:\/\/www.reportercatolico.com.br\/radio\/site\/belem-do-para-bicentenario-de-nascimento-do-beato-antonio-chevrier\/\">17\/04\/2026<\/a><\/span><\/small><div class=\"cz_post_excerpt\">Rep\u00f3rter Cat\u00f3lico 17\/04\/26\u00a0 \u00a0Fotos\u00a0https:\/\/www.facebook.com\/ReporterCatolico\/ O p\u00e1roco da Catedral de Nossa Senhora da Concei\u00e7\u00e3o do Araguaia, padre Raimundo Soares dos Santos, pertence \u00e0 diocese de Jequi\u00e9, em miss\u00e3o nas terras Araquias, esteve em Bel\u00e9m do Par\u00e1 para participar do Encontro Estadual dos Padres do Prado, do qual \u00e9 membro. Disse padre...<\/div><\/div><\/div><\/div><div data-id=\"6428\" class=\"cz_grid_item  cz_posts_list_even 6428 post-6428 post type-post status-publish format-standard has-post-thumbnail hentry category-noticias\"><div class=\"clr\"><a class=\"cz_grid_link\" href=\"https:\/\/www.reportercatolico.com.br\/radio\/site\/minas-recebe-imagem-peregrina-de-sao-miguel-arcanjo\/\" title=\"Minas recebe imagem peregrina de S\u00e3o Miguel Arcanjo\"><img decoding=\"async\" class=\"\" src=\"https:\/\/www.reportercatolico.com.br\/radio\/site\/wp-content\/uploads\/2026\/04\/cq5dam.thumbnail.cropped.750.422-400x200.jpeg\" width=\"400\" height=\"200\" alt=\"\" title=\"\" loading=\"lazy\" \/><div class=\"cz_grid_details\"><i class=\" cz_grid_icon\"><\/i><\/div><\/a><div class=\"cz_grid_details cz_grid_details_outside\"><a class=\"cz_grid_title\" href=\"https:\/\/www.reportercatolico.com.br\/radio\/site\/minas-recebe-imagem-peregrina-de-sao-miguel-arcanjo\/\"><h3 class=\"cz_grid_post_title\">Minas recebe imagem peregrina de S\u00e3o Miguel Arcanjo<\/h3><\/a><small class=\"clr\"><span class=\"cz_post_data cz_data_date\"><a href=\"https:\/\/www.reportercatolico.com.br\/radio\/site\/minas-recebe-imagem-peregrina-de-sao-miguel-arcanjo\/\">17\/04\/2026<\/a><\/span><\/small><div class=\"cz_post_excerpt\">Rep\u00f3rter Cat\u00f3lico 17\/04\/26\u00a0 \u00a0 Peregrina\u00e7\u00e3o, de iniciativa do Instituto Hesed, j\u00e1 reuniu 300mil fi\u00e9is em 21 edi\u00e7\u00f5es e estar\u00e1 em Leopoldina no dia 24\/4 O estado de Minas Gerais ser\u00e1 o destino da imagem peregrina do arcanjo S\u00e3o Miguel neste m\u00eas de abril. No pr\u00f3ximo dia 24 (sexta-feira), \u00e0s 19h30,...<\/div><\/div><\/div><\/div><div data-id=\"6400\" class=\"cz_grid_item  cz_posts_list_odd 6400 post-6400 post type-post status-publish format-standard has-post-thumbnail hentry category-noticias\"><div class=\"clr\"><a class=\"cz_grid_link\" href=\"https:\/\/www.reportercatolico.com.br\/radio\/site\/brejoes-paroquia-n-sra-da-conceicao-comemorou-105-anos-de-evangelizacao\/\" title=\"Brej\u00f5es &#8211; Par\u00f3quia N. Sra. da Concei\u00e7\u00e3o comemorou 105 anos de evangeliza\u00e7\u00e3o\"><img decoding=\"async\" class=\"\" src=\"https:\/\/www.reportercatolico.com.br\/radio\/site\/wp-content\/uploads\/2026\/04\/texte-400x200.gif\" width=\"400\" height=\"200\" alt=\"\" title=\"\" loading=\"lazy\" \/><div class=\"cz_grid_details\"><i class=\" cz_grid_icon\"><\/i><\/div><\/a><div class=\"cz_grid_details cz_grid_details_outside\"><a class=\"cz_grid_title\" href=\"https:\/\/www.reportercatolico.com.br\/radio\/site\/brejoes-paroquia-n-sra-da-conceicao-comemorou-105-anos-de-evangelizacao\/\"><h3 class=\"cz_grid_post_title\">Brej\u00f5es &#8211; Par\u00f3quia N. Sra. da Concei\u00e7\u00e3o comemorou 105 anos de evangeliza\u00e7\u00e3o<\/h3><\/a><small class=\"clr\"><span class=\"cz_post_data cz_data_date\"><a href=\"https:\/\/www.reportercatolico.com.br\/radio\/site\/brejoes-paroquia-n-sra-da-conceicao-comemorou-105-anos-de-evangelizacao\/\">16\/04\/2026<\/a><\/span><\/small><div class=\"cz_post_excerpt\">Rep\u00f3rter Cat\u00f3lico 16\/04\/26\u00a0 \u00a0 \u00a0-\u00a0 \u00a0Fotos https:\/\/www.facebook.com\/ReporterCatolico\/ A Par\u00f3quia Nossa Senhora da Concei\u00e7\u00e3o, em Brej\u00f5es, celebrou na manh\u00e3 de domingo, 12 de abril, no hor\u00e1rio das 10h, seus 105 anos de funda\u00e7\u00e3o com uma programa\u00e7\u00e3o especial que reuniu f\u00e9, tradi\u00e7\u00e3o e confraterniza\u00e7\u00e3o. A data foi marcada por uma Missa em...<\/div><\/div><\/div><\/div><div data-id=\"6207\" class=\"cz_grid_item  cz_posts_list_even 6207 post-6207 post type-post status-publish format-standard has-post-thumbnail hentry category-noticias\"><div class=\"clr\"><a class=\"cz_grid_link\" href=\"https:\/\/www.reportercatolico.com.br\/radio\/site\/diocese-de-jequie-pe-borges-participa-da-parada-geral-do-19o-bpm\/\" title=\"Diocese de Jequi\u00e9 &#8211; Pe. Borges participa da parada Geral do 19\u00ba BPM\"><img decoding=\"async\" class=\"\" src=\"https:\/\/www.reportercatolico.com.br\/radio\/site\/wp-content\/uploads\/2026\/04\/WhatsApp-Image-2026-03-31-at-10.36.42-400x200.jpg\" width=\"400\" height=\"200\" alt=\"\" title=\"\" loading=\"lazy\" \/><div class=\"cz_grid_details\"><i class=\" cz_grid_icon\"><\/i><\/div><\/a><div class=\"cz_grid_details cz_grid_details_outside\"><a class=\"cz_grid_title\" href=\"https:\/\/www.reportercatolico.com.br\/radio\/site\/diocese-de-jequie-pe-borges-participa-da-parada-geral-do-19o-bpm\/\"><h3 class=\"cz_grid_post_title\">Diocese de Jequi\u00e9 &#8211; Pe. Borges participa da parada Geral do 19\u00ba BPM<\/h3><\/a><small class=\"clr\"><span class=\"cz_post_data cz_data_date\"><a href=\"https:\/\/www.reportercatolico.com.br\/radio\/site\/diocese-de-jequie-pe-borges-participa-da-parada-geral-do-19o-bpm\/\">01\/04\/2026<\/a><\/span><\/small><div class=\"cz_post_excerpt\">Rep\u00f3rter Cat\u00f3lico 01\/04\/26 Na manh\u00e3 de ter\u00e7a, 31 de mar\u00e7o, o Major Capel\u00e3o da For\u00e7a A\u00e9rea Brasileira e vig\u00e1rio paroquial da Par\u00f3quia Catedral de Santo Ant\u00f4nio de Jequi\u00e9, Padre Borges, foi convidado pelo Comandante do 19\u00ba BPM, Cristiano Silva Mendes Gouveia, para participar da segunda Parada Geral, de 2026, realizada...<\/div><\/div><\/div><\/div><div data-id=\"6001\" class=\"cz_grid_item  cz_posts_list_odd 6001 post-6001 post type-post status-publish format-standard has-post-thumbnail hentry category-noticias\"><div class=\"clr\"><a class=\"cz_grid_link\" href=\"https:\/\/www.reportercatolico.com.br\/radio\/site\/apos-conversas-com-o-vaticano-cuba-libertara-51-presos\/\" title=\"Ap\u00f3s conversas com o Vaticano, Cuba libertar\u00e1 51 presos\"><img decoding=\"async\" class=\"\" src=\"https:\/\/www.reportercatolico.com.br\/radio\/site\/wp-content\/uploads\/2026\/03\/bbbbbbbbbbbbbbbbbbbbbbbb-400x200.jpg\" width=\"400\" height=\"200\" alt=\"\" title=\"\" loading=\"lazy\" \/><div class=\"cz_grid_details\"><i class=\" cz_grid_icon\"><\/i><\/div><\/a><div class=\"cz_grid_details cz_grid_details_outside\"><a class=\"cz_grid_title\" href=\"https:\/\/www.reportercatolico.com.br\/radio\/site\/apos-conversas-com-o-vaticano-cuba-libertara-51-presos\/\"><h3 class=\"cz_grid_post_title\">Ap\u00f3s conversas com o Vaticano, Cuba libertar\u00e1 51 presos<\/h3><\/a><small class=\"clr\"><span class=\"cz_post_data cz_data_date\"><a href=\"https:\/\/www.reportercatolico.com.br\/radio\/site\/apos-conversas-com-o-vaticano-cuba-libertara-51-presos\/\">15\/03\/2026<\/a><\/span><\/small><div class=\"cz_post_excerpt\">Foto: Wikipedia Rep\u00f3rter Cat\u00f3lico 15\/03\/26 O Minist\u00e9rio das Rela\u00e7\u00f5es Exteriores de Cuba divulgou um comunicado destacando que a iniciativa ocorre \u201cno esp\u00edrito de boa vontade e das estreitas e fluidas rela\u00e7\u00f5es entre o Estado cubano e o Vaticano\u201d. O governo cubano anunciou, em 12 de mar\u00e7o de 2026, a liberta\u00e7\u00e3o...<\/div><\/div><\/div><\/div><div data-id=\"5997\" class=\"cz_grid_item  cz_posts_list_even 5997 post-5997 post type-post status-publish format-standard has-post-thumbnail hentry category-noticias\"><div class=\"clr\"><a class=\"cz_grid_link\" href=\"https:\/\/www.reportercatolico.com.br\/radio\/site\/monsenhor-jefferson-santos-pinheiro-e-nomeado-bispo-auxiliar-de-aracaju-se\/\" title=\"Monsenhor Jefferson Santos Pinheiro \u00e9 nomeado Bispo Auxiliar de Aracaju (SE)\"><img decoding=\"async\" class=\"\" src=\"https:\/\/www.reportercatolico.com.br\/radio\/site\/wp-content\/uploads\/2026\/03\/fgggggggggggggggggggggggggg-400x200.jpg\" width=\"400\" height=\"200\" alt=\"\" title=\"\" loading=\"lazy\" \/><div class=\"cz_grid_details\"><i class=\" cz_grid_icon\"><\/i><\/div><\/a><div class=\"cz_grid_details cz_grid_details_outside\"><a class=\"cz_grid_title\" href=\"https:\/\/www.reportercatolico.com.br\/radio\/site\/monsenhor-jefferson-santos-pinheiro-e-nomeado-bispo-auxiliar-de-aracaju-se\/\"><h3 class=\"cz_grid_post_title\">Monsenhor Jefferson Santos Pinheiro \u00e9 nomeado Bispo Auxiliar de Aracaju (SE)<\/h3><\/a><small class=\"clr\"><span class=\"cz_post_data cz_data_date\"><a href=\"https:\/\/www.reportercatolico.com.br\/radio\/site\/monsenhor-jefferson-santos-pinheiro-e-nomeado-bispo-auxiliar-de-aracaju-se\/\">15\/03\/2026<\/a><\/span><\/small><div class=\"cz_post_excerpt\">Rep\u00f3rter Cat\u00f3lico 15\/03\/26 A nomea\u00e7\u00e3o acontece ap\u00f3s um pedido feito ao Papa Le\u00e3o XIV por Dom Josaf\u00e1 Menezes da Silva, que manifestou a necessidade de contar com a colabora\u00e7\u00e3o de um auxiliar. Acolhendo o pedido de Dom Josaf\u00e1 Menezes da Silva, de poder contar com a colabora\u00e7\u00e3o de um auxiliar,...<\/div><\/div><\/div><\/div><div data-id=\"5993\" class=\"cz_grid_item  cz_posts_list_odd 5993 post-5993 post type-post status-publish format-standard has-post-thumbnail hentry category-noticias\"><div class=\"clr\"><a class=\"cz_grid_link\" href=\"https:\/\/www.reportercatolico.com.br\/radio\/site\/santuario-de-aparecida-recebe-13a-romaria-nacional-do-terco-das-mulheres\/\" title=\"Santu\u00e1rio de Aparecida recebe 13\u00aa Romaria Nacional do Ter\u00e7o das Mulheres\"><img decoding=\"async\" class=\"\" src=\"https:\/\/www.reportercatolico.com.br\/radio\/site\/wp-content\/uploads\/2026\/03\/CAPA-POST-NOTICIA-1-400x200.jpg\" width=\"400\" height=\"200\" alt=\"\" title=\"\" loading=\"lazy\" \/><div class=\"cz_grid_details\"><i class=\" cz_grid_icon\"><\/i><\/div><\/a><div class=\"cz_grid_details cz_grid_details_outside\"><a class=\"cz_grid_title\" href=\"https:\/\/www.reportercatolico.com.br\/radio\/site\/santuario-de-aparecida-recebe-13a-romaria-nacional-do-terco-das-mulheres\/\"><h3 class=\"cz_grid_post_title\">Santu\u00e1rio de Aparecida recebe 13\u00aa Romaria Nacional do Ter\u00e7o das Mulheres<\/h3><\/a><small class=\"clr\"><span class=\"cz_post_data cz_data_date\"><a href=\"https:\/\/www.reportercatolico.com.br\/radio\/site\/santuario-de-aparecida-recebe-13a-romaria-nacional-do-terco-das-mulheres\/\">15\/03\/2026<\/a><\/span><\/small><div class=\"cz_post_excerpt\">Rep\u00f3rter Cat\u00f3lico 15\/03\/26 A iniciativa reuniu mulheres provenientes de todo o Brasil, entre os dias 13 a 15 de mar\u00e7o, com o objetivo de manifestar sua F\u00e9 e devo\u00e7\u00e3o mariana. Compromisso da ora\u00e7\u00e3o e a viv\u00eancia do amor de Cristo O evento abordou o tema: \u201cTer\u00e7o das mulheres: vivemos em...<\/div><\/div><\/div><\/div><\/div><\/div>[\/vc_column][\/vc_row]<\/p>\n<\/div>","protected":false},"excerpt":{"rendered":"<p>[vc_row][vc_column][\/vc_column][\/vc_row] &#8230; <a class=\"cz_readmore cz_readmore_no_title\" href=\"https:\/\/www.reportercatolico.com.br\/radio\/site\/santuario-de-aparecida-recebe-13a-romaria-nacional-do-terco-das-mulheres\/\"><i class=\"fa fa-angle-right\" aria-hidden=\"true\"><\/i><span><\/span><\/a><\/p>\n","protected":false},"author":1,"featured_media":0,"parent":0,"menu_order":4,"comment_status":"closed","ping_status":"closed","template":"","meta":{"rs_blank_template":"","rs_page_bg_color":"","slide_template_v7":"","footnotes":""},"class_list":["post-1242","page","type-page","status-publish","hentry"],"_links":{"self":[{"href":"https:\/\/www.reportercatolico.com.br\/radio\/site\/wp-json\/wp\/v2\/pages\/1242","targetHints":{"allow":["GET"]}}],"collection":[{"href":"https:\/\/www.reportercatolico.com.br\/radio\/site\/wp-json\/wp\/v2\/pages"}],"about":[{"href":"https:\/\/www.reportercatolico.com.br\/radio\/site\/wp-json\/wp\/v2\/types\/page"}],"author":[{"embeddable":true,"href":"https:\/\/www.reportercatolico.com.br\/radio\/site\/wp-json\/wp\/v2\/users\/1"}],"replies":[{"embeddable":true,"href":"https:\/\/www.reportercatolico.com.br\/radio\/site\/wp-json\/wp\/v2\/comments?post=1242"}],"version-history":[{"count":0,"href":"https:\/\/www.reportercatolico.com.br\/radio\/site\/wp-json\/wp\/v2\/pages\/1242\/revisions"}],"wp:attachment":[{"href":"https:\/\/www.reportercatolico.com.br\/radio\/site\/wp-json\/wp\/v2\/media?parent=1242"}],"curies":[{"name":"wp","href":"https:\/\/api.w.org\/{rel}","templated":true}]}}