{"id":6,"date":"2025-05-18T08:21:56","date_gmt":"2025-05-18T08:21:56","guid":{"rendered":"http:\/\/xtratheme.comconstruction\/?page_id=4"},"modified":"2026-04-02T11:07:54","modified_gmt":"2026-04-02T14:07:54","slug":"home","status":"publish","type":"page","link":"https:\/\/www.reportercatolico.com.br\/radio\/site\/","title":{"rendered":"Home"},"content":{"rendered":"<div class=\"wpb-content-wrapper\"><p>[vc_row full_width=&#8221;stretch_row_content_no_spaces&#8221;][vc_column css=&#8221;.vc_custom_1750853662618{margin-top: -45px !important;}&#8221;]<div class=\"cz_gap clr  hide_on_tablet hide_on_mobile\" style=\"height: 80px\"><\/div><div class=\"cz_gap show_on_tablet clr  show_only_tablet\" style=\"height: 15px\"><\/div><div class=\"cz_gap show_on_mobile clr\" style=\"height: 30px\"><\/div>[\/vc_column][\/vc_row][vc_row][vc_column width=&#8221;1\/2&#8243; css=&#8221;.vc_custom_1750975964459{margin-top: -15px !important;}&#8221;]<div class=\"cz_gap clr  hide_on_tablet hide_on_mobile\" style=\"height: 25px\"><\/div><div class=\"cz_gap show_on_tablet clr  show_only_tablet\" style=\"height: 0px\"><\/div><div class=\"cz_gap show_on_mobile clr\" style=\"height: 15px\"><\/div><a href=\"https:\/\/www.reportercatolico.com.br\/radio\/site\/liturgia-em-audio\/\"><div id=\"cz_64076\" data-position=\"top-right\" class=\"cz_64076 cz_image clr cz_image_no_fx center_on_mobile\"><div class=\"\" ><div class=\"cz_image_in\"><div class=\"cz_main_image\"><img fetchpriority=\"high\" loading=\"eager\" decoding=\"sync\" data-no-lazy=\"1\" width=\"700\" height=\"350\" src=\"https:\/\/www.reportercatolico.com.br\/radio\/site\/wp-content\/uploads\/2025\/06\/banner_home.jpg\" class=\"attachment-full\" alt=\"Banner home\" title=\"\" srcset=\"https:\/\/www.reportercatolico.com.br\/radio\/site\/wp-content\/uploads\/2025\/06\/banner_home.jpg 700w, https:\/\/www.reportercatolico.com.br\/radio\/site\/wp-content\/uploads\/2025\/06\/banner_home-300x150.jpg 300w, https:\/\/www.reportercatolico.com.br\/radio\/site\/wp-content\/uploads\/2025\/06\/banner_home-600x300.jpg 600w\" sizes=\"(max-width: 700px) 100vw, 700px\"  \/><\/div><\/div><\/div><\/div><\/a><div class=\"cz_gap clr  hide_on_tablet hide_on_mobile\" style=\"height: 25px\"><\/div><div class=\"cz_gap show_on_tablet clr  show_only_tablet\" style=\"height: 0px\"><\/div><div class=\"cz_gap show_on_mobile clr\" style=\"height: 25px\"><\/div>[\/vc_column][vc_column width=&#8221;1\/2&#8243;]<div id=\"cz_90997\" class=\"cz_90997 cz_title clr cz_title_pos_inline tac\"><div class=\"cz_title_content\"><div class=\"cz_wpe_content\"><h3 style=\"text-align: center;\"><strong><span style=\"font-size: 22px;\">\u00daLTIMAS NOT\u00cdCIAS<\/span><\/strong><\/h3>\n<\/div><\/div><\/div><div class=\"cz_gap clr  hide_on_tablet hide_on_mobile\" style=\"height: 15px\"><\/div><div class=\"cz_gap show_on_tablet clr  show_only_tablet\" style=\"height: 0px\"><\/div><div class=\"cz_gap show_on_mobile clr\" style=\"height: 0px\"><\/div><div id=\"cz_74747\" class=\"cz_74747\"><div class=\"cz_grid cz_grid_posts cz_grid_1 clr cz_grid_c3 cz_grid_1_title_sub_after cz_grid_1_no_hover cz_grid_1_bot tal\" data-gap=\"20\" data-atts='{\"action\":\"cz_ajax_posts\",\"post_class\":\"cz_grid_item\",\"post__in\":null,\"author__in\":null,\"nonce\":\"f5933d28d4\",\"nonce_id\":\"cz_74747\",\"loadmore_end\":\"Not found more posts\",\"layout\":\"cz_grid_c3\",\"hover\":\"cz_grid_1_title_sub_after cz_grid_1_no_hover\",\"image_size\":\"codevz_600_600\",\"subtitles\":\"%5B%7B%22t%22%3A%22date%22%7D%5D\",\"subtitle_pos\":\"\",\"icon\":\"fa fa-search\",\"el\":\"\",\"title_lenght\":\"\",\"cat_tax\":\"category\",\"cat\":\"\",\"cat_exclude\":\"\",\"tag_tax\":\"post_tag\",\"tag_id\":\"\",\"tag_exclude\":\"\",\"post_type\":\"post\",\"posts_per_page\":\"3\",\"order\":\"DESC\",\"orderby\":\"date\",\"tilt_data\":null,\"svg_sizes\":[\"600\",\"600\"],\"img_fx\":\"\",\"custom_size\":\"\",\"excerpt_rm\":false,\"title_tag\":\"h3\",\"s\":\"\"}'><div class=\"cz_grid_item cz_grid_first\"><\/div><div data-id=\"6565\" class=\"cz_grid_item  cz_posts_list_even 6565 post-6565 post type-post status-publish format-standard has-post-thumbnail hentry category-noticias\"><div class=\"clr\"><a class=\"cz_grid_link\" href=\"https:\/\/www.reportercatolico.com.br\/radio\/site\/jequie-corrida-e-caminhada-de-santo-antonio-2026\/\" title=\"Jequi\u00e9 &#8211; Corrida e Caminhada de Santo Ant\u00f4nio 2026\"><img decoding=\"async\" width=\"600\" height=\"500\" src=\"https:\/\/www.reportercatolico.com.br\/radio\/site\/wp-content\/uploads\/2026\/04\/hjjjjjjjjjjjjjjjjjjjjjjjjj-600x500.jpg\" class=\"attachment-codevz_600_600\" alt=\"Hjjjjjjjjjjjjjjjjjjjjjjjjj 600x500\" title=\"\" loading=\"lazy\" \/><div class=\"cz_grid_details\"><i class=\"fa fa-search cz_grid_icon\"><\/i><\/div><\/a><div class=\"cz_grid_details cz_grid_details_outside\"><a class=\"cz_grid_title\" href=\"https:\/\/www.reportercatolico.com.br\/radio\/site\/jequie-corrida-e-caminhada-de-santo-antonio-2026\/\"><h3 class=\"cz_grid_post_title\">Jequi\u00e9 &#8211; Corrida e Caminhada de Santo Ant\u00f4nio 2026<\/h3><\/a><small class=\"clr\"><span class=\"cz_post_data cz_data_date\"><a href=\"https:\/\/www.reportercatolico.com.br\/radio\/site\/jequie-corrida-e-caminhada-de-santo-antonio-2026\/\">27\/04\/2026<\/a><\/span><\/small><\/div><\/div><\/div><div data-id=\"6561\" class=\"cz_grid_item  cz_posts_list_odd 6561 post-6561 post type-post status-publish format-standard has-post-thumbnail hentry category-noticias\"><div class=\"clr\"><a class=\"cz_grid_link\" href=\"https:\/\/www.reportercatolico.com.br\/radio\/site\/jequie-festa-de-santo-antonio-de-2026-um-hino-uma-cidade-um-so-coracao\/\" title=\"Jequi\u00e9 &#8211; Festa de Santo Ant\u00f4nio de 2026: \u201cUm hino. Uma cidade Um S\u00f3 Cora\u00e7\u00e3o \u201c\"><img decoding=\"async\" width=\"600\" height=\"500\" src=\"https:\/\/www.reportercatolico.com.br\/radio\/site\/wp-content\/uploads\/2026\/04\/CAPA-POST-NOTICIA-1-600x500.jpg\" class=\"attachment-codevz_600_600\" alt=\"CAPA POST NOTICIA 1 600x500\" title=\"\" loading=\"lazy\" \/><div class=\"cz_grid_details\"><i class=\"fa fa-search cz_grid_icon\"><\/i><\/div><\/a><div class=\"cz_grid_details cz_grid_details_outside\"><a class=\"cz_grid_title\" href=\"https:\/\/www.reportercatolico.com.br\/radio\/site\/jequie-festa-de-santo-antonio-de-2026-um-hino-uma-cidade-um-so-coracao\/\"><h3 class=\"cz_grid_post_title\">Jequi\u00e9 &#8211; Festa de Santo Ant\u00f4nio de 2026: \u201cUm hino. Uma cidade Um S\u00f3 Cora\u00e7\u00e3o \u201c<\/h3><\/a><small class=\"clr\"><span class=\"cz_post_data cz_data_date\"><a href=\"https:\/\/www.reportercatolico.com.br\/radio\/site\/jequie-festa-de-santo-antonio-de-2026-um-hino-uma-cidade-um-so-coracao\/\">27\/04\/2026<\/a><\/span><\/small><\/div><\/div><\/div><div data-id=\"6555\" class=\"cz_grid_item  cz_posts_list_even 6555 post-6555 post type-post status-publish format-standard has-post-thumbnail hentry category-noticias\"><div class=\"clr\"><a class=\"cz_grid_link\" href=\"https:\/\/www.reportercatolico.com.br\/radio\/site\/educacao-catolica-projeta-futuro-com-unidade-inovacao-e-compromisso-no-forum-nacional-em-brasilia\/\" title=\"Educa\u00e7\u00e3o cat\u00f3lica projeta futuro com unidade, inova\u00e7\u00e3o e compromisso no F\u00f3rum Nacional em Bras\u00edlia\"><img decoding=\"async\" width=\"600\" height=\"500\" src=\"https:\/\/www.reportercatolico.com.br\/radio\/site\/wp-content\/uploads\/2026\/04\/kjjjjjjjjjjjjjjjjjjjjjjjjjjjjjjjjj-1-600x500.jpg\" class=\"attachment-codevz_600_600\" alt=\"Kjjjjjjjjjjjjjjjjjjjjjjjjjjjjjjjjj 1 600x500\" title=\"\" loading=\"lazy\" \/><div class=\"cz_grid_details\"><i class=\"fa fa-search cz_grid_icon\"><\/i><\/div><\/a><div class=\"cz_grid_details cz_grid_details_outside\"><a class=\"cz_grid_title\" href=\"https:\/\/www.reportercatolico.com.br\/radio\/site\/educacao-catolica-projeta-futuro-com-unidade-inovacao-e-compromisso-no-forum-nacional-em-brasilia\/\"><h3 class=\"cz_grid_post_title\">Educa\u00e7\u00e3o cat\u00f3lica projeta futuro com unidade, inova\u00e7\u00e3o e compromisso no F\u00f3rum Nacional em Bras\u00edlia<\/h3><\/a><small class=\"clr\"><span class=\"cz_post_data cz_data_date\"><a href=\"https:\/\/www.reportercatolico.com.br\/radio\/site\/educacao-catolica-projeta-futuro-com-unidade-inovacao-e-compromisso-no-forum-nacional-em-brasilia\/\">27\/04\/2026<\/a><\/span><\/small><\/div><\/div><\/div><\/div><\/div><div class=\"cz_gap clr  hide_on_tablet hide_on_mobile\" style=\"height: 10px\"><\/div><div class=\"cz_gap show_on_tablet clr  show_only_tablet\" style=\"height: 0px\"><\/div><div class=\"cz_gap show_on_mobile clr\" style=\"height: 40px\"><\/div>[\/vc_column][\/vc_row][vc_row css=&#8221;.vc_custom_1751053382737{margin-top: -60px !important;}&#8221;][vc_column]<div class=\"cz_gap clr  hide_on_tablet hide_on_mobile\" style=\"height: 0px\"><\/div><div class=\"cz_gap show_on_tablet clr  show_only_tablet\" style=\"height: 0px\"><\/div><div class=\"cz_gap show_on_mobile clr\" style=\"height: 40px\"><\/div><div id=\"cz_62354\" data-position=\"top-right\" class=\"cz_62354 cz_image clr cz_image_no_fx center_on_mobile\"><div class=\"\" ><div class=\"cz_image_in\"><div class=\"cz_main_image\"><img decoding=\"async\" width=\"1300\" height=\"100\" src=\"https:\/\/www.reportercatolico.com.br\/radio\/site\/wp-content\/uploads\/2025\/06\/anuncie_aqui_meio.jpg\" class=\"attachment-full\" alt=\"Anuncie aqui meio\" title=\"\" srcset=\"https:\/\/www.reportercatolico.com.br\/radio\/site\/wp-content\/uploads\/2025\/06\/anuncie_aqui_meio.jpg 1300w, https:\/\/www.reportercatolico.com.br\/radio\/site\/wp-content\/uploads\/2025\/06\/anuncie_aqui_meio-300x23.jpg 300w, https:\/\/www.reportercatolico.com.br\/radio\/site\/wp-content\/uploads\/2025\/06\/anuncie_aqui_meio-1024x79.jpg 1024w, https:\/\/www.reportercatolico.com.br\/radio\/site\/wp-content\/uploads\/2025\/06\/anuncie_aqui_meio-768x59.jpg 768w, https:\/\/www.reportercatolico.com.br\/radio\/site\/wp-content\/uploads\/2025\/06\/anuncie_aqui_meio-600x46.jpg 600w\" sizes=\"auto, (max-width: 1300px) 100vw, 1300px\" loading=\"lazy\" \/><\/div><\/div><\/div><\/div><div class=\"cz_gap clr \" style=\"height: 10px\"><\/div>[\/vc_column][\/vc_row][vc_row][vc_column]<div class=\"cz_gap clr  hide_on_tablet hide_on_mobile\" style=\"height: 10px\"><\/div><div class=\"cz_gap show_on_tablet clr  show_only_tablet\" style=\"height: 0px\"><\/div><div class=\"cz_gap show_on_mobile clr\" style=\"height: 15px\"><\/div>[vc_row_inner][vc_column_inner width=&#8221;1\/3&#8243; css=&#8221;.vc_custom_1751151327110{background-position: center !important;background-repeat: no-repeat !important;background-size: contain !important;border-radius: 15px !important;}&#8221;]<div class=\"cz_gap clr  hide_on_tablet hide_on_mobile\" style=\"height: 20px\"><\/div><div class=\"cz_gap show_on_tablet clr \" style=\"height: 0px\"><\/div><a href=\"https:\/\/www.reportercatolico.com.br\/radio\/site\/oracao-em-familia\/\"><div id=\"cz_103629\" data-position=\"top-right\" class=\"cz_103629 cz_image clr cz_image_no_fx center_on_mobile\"><div class=\"\" ><div class=\"cz_image_in\"><div class=\"cz_main_image\"><img decoding=\"async\" width=\"500\" height=\"400\" src=\"https:\/\/www.reportercatolico.com.br\/radio\/site\/wp-content\/uploads\/2025\/06\/oracao_bg_meio.jpg\" class=\"attachment-full\" alt=\"Oracao bg meio\" title=\"\" srcset=\"https:\/\/www.reportercatolico.com.br\/radio\/site\/wp-content\/uploads\/2025\/06\/oracao_bg_meio.jpg 500w, https:\/\/www.reportercatolico.com.br\/radio\/site\/wp-content\/uploads\/2025\/06\/oracao_bg_meio-300x240.jpg 300w\" sizes=\"auto, (max-width: 500px) 100vw, 500px\" loading=\"lazy\" \/><\/div><\/div><\/div><\/div><\/a>[\/vc_column_inner][vc_column_inner width=&#8221;1\/3&#8243;]<div class=\"cz_gap clr  hide_on_tablet hide_on_mobile\" style=\"height: 0px\"><\/div><div class=\"cz_gap show_on_tablet clr  show_only_tablet\" style=\"height: 0px\"><\/div><div class=\"cz_gap show_on_mobile clr\" style=\"height: 40px\"><\/div><div id=\"cz_42115\" class=\"cz_42115 cz_title clr cz_title_pos_inline tar\"><div class=\"cz_title_content\"><div class=\"cz_wpe_content\"><h3 style=\"text-align: right;\"><span style=\"font-size: 22px;\">\u00daLTIMOS V\u00cdDEOS<\/span><\/h3>\n<\/div><\/div><\/div><div id=\"cz_1706\" class=\"cz_1706 cz_video_popup clr cz_video_popup_c\"><div><div class=\"cz_vp_c\"><a href=\"https:\/\/www.youtube.com\/watch?v=vQB7o156I_A&amp;t=366s\"><img decoding=\"async\" loading=\"lazy\" src=\"https:\/\/img.youtube.com\/vi\/vQB7o156I_A\/sddefault.jpg\" class=\"\" width=\"500\" height=\"500\" alt=\"image\" \/><div class=\"cz_vp_inner\"><span><i class=\"fa fa-play\"><\/i><\/span><\/div><\/a><\/div><\/div><\/div>[vc_column_text css=&#8221;&#8221;]Domingo de Ramos &#8211; Catedral de Santo Ant\u00f4nio -Jequi\u00e9.[\/vc_column_text][\/vc_column_inner][vc_column_inner width=&#8221;1\/3&#8243;]<div class=\"cz_gap clr  hide_on_tablet hide_on_mobile\" style=\"height: 30px\"><\/div><div class=\"cz_gap show_on_tablet clr  show_only_tablet\" style=\"height: 0px\"><\/div><div class=\"cz_gap show_on_mobile clr\" style=\"height: 0px\"><\/div><div id=\"cz_2773\" class=\"cz_2773 cz_video_popup clr cz_video_popup_c\"><div><div class=\"cz_vp_c\"><a href=\"https:\/\/www.youtube.com\/watch?v=M9xKURxtnuo\"><img decoding=\"async\" loading=\"lazy\" src=\"https:\/\/img.youtube.com\/vi\/M9xKURxtnuo\/sddefault.jpg\" class=\"\" width=\"500\" height=\"500\" alt=\"image\" \/><div class=\"cz_vp_inner\"><span><i class=\"fa fa-play\"><\/i><\/span><\/div><\/a><\/div><\/div><\/div>[vc_column_text css=&#8221;&#8221;]Quarta-feira de Cinzas na Catedral de Santo Ant\u00f4nio em Jequi\u00e9[\/vc_column_text][\/vc_column_inner][\/vc_row_inner][\/vc_column][\/vc_row][vc_row][vc_column width=&#8221;1\/3&#8243;]<div id=\"cz_86702\" data-position=\"top-right\" class=\"cz_86702 cz_image clr cz_image_no_fx center_on_mobile\"><div class=\"\" ><div class=\"cz_image_in\"><div class=\"cz_main_image\"><img decoding=\"async\" width=\"480\" height=\"150\" src=\"https:\/\/www.reportercatolico.com.br\/radio\/site\/wp-content\/uploads\/2025\/06\/banner_baixo.png\" class=\"attachment-full\" alt=\"Banner baixo\" title=\"\" srcset=\"https:\/\/www.reportercatolico.com.br\/radio\/site\/wp-content\/uploads\/2025\/06\/banner_baixo.png 480w, https:\/\/www.reportercatolico.com.br\/radio\/site\/wp-content\/uploads\/2025\/06\/banner_baixo-300x94.png 300w\" sizes=\"auto, (max-width: 480px) 100vw, 480px\" loading=\"lazy\" \/><\/div><\/div><\/div><\/div><div class=\"cz_gap clr  hide_on_tablet hide_on_mobile\" style=\"height: 0px\"><\/div><div class=\"cz_gap show_on_tablet clr  show_only_tablet\" style=\"height: 0px\"><\/div><div class=\"cz_gap show_on_mobile clr\" style=\"height: 20px\"><\/div>[\/vc_column][vc_column width=&#8221;1\/3&#8243;]<div id=\"cz_86702\" data-position=\"top-right\" class=\"cz_86702 cz_image clr cz_image_no_fx center_on_mobile\"><div class=\"\" ><div class=\"cz_image_in\"><div class=\"cz_main_image\"><img decoding=\"async\" width=\"480\" height=\"150\" src=\"https:\/\/www.reportercatolico.com.br\/radio\/site\/wp-content\/uploads\/2025\/06\/banner_baixo.png\" class=\"attachment-full\" alt=\"Banner baixo\" title=\"\" srcset=\"https:\/\/www.reportercatolico.com.br\/radio\/site\/wp-content\/uploads\/2025\/06\/banner_baixo.png 480w, https:\/\/www.reportercatolico.com.br\/radio\/site\/wp-content\/uploads\/2025\/06\/banner_baixo-300x94.png 300w\" sizes=\"auto, (max-width: 480px) 100vw, 480px\" loading=\"lazy\" \/><\/div><\/div><\/div><\/div><div class=\"cz_gap clr  hide_on_tablet hide_on_mobile\" style=\"height: 0px\"><\/div><div class=\"cz_gap show_on_tablet clr  show_only_tablet\" style=\"height: 0px\"><\/div><div class=\"cz_gap show_on_mobile clr\" style=\"height: 20px\"><\/div>[\/vc_column][vc_column width=&#8221;1\/3&#8243;]<div id=\"cz_86702\" data-position=\"top-right\" class=\"cz_86702 cz_image clr cz_image_no_fx center_on_mobile\"><div class=\"\" ><div class=\"cz_image_in\"><div class=\"cz_main_image\"><img decoding=\"async\" width=\"480\" height=\"150\" src=\"https:\/\/www.reportercatolico.com.br\/radio\/site\/wp-content\/uploads\/2025\/06\/banner_baixo.png\" class=\"attachment-full\" alt=\"Banner baixo\" title=\"\" srcset=\"https:\/\/www.reportercatolico.com.br\/radio\/site\/wp-content\/uploads\/2025\/06\/banner_baixo.png 480w, https:\/\/www.reportercatolico.com.br\/radio\/site\/wp-content\/uploads\/2025\/06\/banner_baixo-300x94.png 300w\" sizes=\"auto, (max-width: 480px) 100vw, 480px\" loading=\"lazy\" \/><\/div><\/div><\/div><\/div>[\/vc_column][\/vc_row][vc_row][vc_column]<div class=\"cz_gap clr \" style=\"height: 20px\"><\/div>[\/vc_column][\/vc_row]<\/p>\n<\/div>","protected":false},"excerpt":{"rendered":"<p>[vc_row full_width=&#8221;stretch_row_content_no_spaces&#8221;][vc_column css=&#8221;.vc_custom_1750853662618{margin-top &#8230; <a class=\"cz_readmore cz_readmore_no_title\" href=\"https:\/\/www.reportercatolico.com.br\/radio\/site\/educacao-catolica-projeta-futuro-com-unidade-inovacao-e-compromisso-no-forum-nacional-em-brasilia\/\"><i class=\"fa fa-angle-right\" aria-hidden=\"true\"><\/i><span><\/span><\/a><\/p>\n","protected":false},"author":1,"featured_media":0,"parent":0,"menu_order":1,"comment_status":"closed","ping_status":"closed","template":"","meta":{"rs_blank_template":"","rs_page_bg_color":"","slide_template_v7":"","footnotes":""},"class_list":["post-6","page","type-page","status-publish","hentry"],"_links":{"self":[{"href":"https:\/\/www.reportercatolico.com.br\/radio\/site\/wp-json\/wp\/v2\/pages\/6","targetHints":{"allow":["GET"]}}],"collection":[{"href":"https:\/\/www.reportercatolico.com.br\/radio\/site\/wp-json\/wp\/v2\/pages"}],"about":[{"href":"https:\/\/www.reportercatolico.com.br\/radio\/site\/wp-json\/wp\/v2\/types\/page"}],"author":[{"embeddable":true,"href":"https:\/\/www.reportercatolico.com.br\/radio\/site\/wp-json\/wp\/v2\/users\/1"}],"replies":[{"embeddable":true,"href":"https:\/\/www.reportercatolico.com.br\/radio\/site\/wp-json\/wp\/v2\/comments?post=6"}],"version-history":[{"count":0,"href":"https:\/\/www.reportercatolico.com.br\/radio\/site\/wp-json\/wp\/v2\/pages\/6\/revisions"}],"wp:attachment":[{"href":"https:\/\/www.reportercatolico.com.br\/radio\/site\/wp-json\/wp\/v2\/media?parent=6"}],"curies":[{"name":"wp","href":"https:\/\/api.w.org\/{rel}","templated":true}]}}